{"version":"1.0","provider_name":"PEBC","provider_url":"https:\/\/pebc.ca\/fr\/","title":"Communiqu\u00e9 - Le Bureau des examinateurs en pharmacie du Canada entre dans sa 60e ann\u00e9e - PEBC","type":"rich","width":600,"height":338,"html":"<blockquote class=\"wp-embedded-content\" data-secret=\"jNgrXuEcMn\"><a href=\"https:\/\/pebc.ca\/fr\/pharmacists_pharmacy_technicians_60th\/\">Communiqu\u00e9 &#8211; Le Bureau des examinateurs en pharmacie du Canada entre dans sa 60e ann\u00e9e<\/a><\/blockquote><iframe sandbox=\"allow-scripts\" security=\"restricted\" src=\"https:\/\/pebc.ca\/fr\/pharmacists_pharmacy_technicians_60th\/embed\/#?secret=jNgrXuEcMn\" width=\"600\" height=\"338\" title=\"\u00ab\u00a0Communiqu\u00e9 &#8211; Le Bureau des examinateurs en pharmacie du Canada entre dans sa 60e ann\u00e9e\u00a0\u00bb &#8212; PEBC\" data-secret=\"jNgrXuEcMn\" frameborder=\"0\" marginwidth=\"0\" marginheight=\"0\" scrolling=\"no\" class=\"wp-embedded-content\"><\/iframe><script type=\"text\/javascript\">\n\/* <![CDATA[ *\/\n\/*! This file is auto-generated *\/\n!function(d,l){\"use strict\";l.querySelector&&d.addEventListener&&\"undefined\"!=typeof URL&&(d.wp=d.wp||{},d.wp.receiveEmbedMessage||(d.wp.receiveEmbedMessage=function(e){var t=e.data;if((t||t.secret||t.message||t.value)&&!\/[^a-zA-Z0-9]\/.test(t.secret)){for(var s,r,n,a=l.querySelectorAll('iframe[data-secret=\"'+t.secret+'\"]'),o=l.querySelectorAll('blockquote[data-secret=\"'+t.secret+'\"]'),c=new RegExp(\"^https?:$\",\"i\"),i=0;i<o.length;i++)o[i].style.display=\"none\";for(i=0;i<a.length;i++)s=a[i],e.source===s.contentWindow&&(s.removeAttribute(\"style\"),\"height\"===t.message?(1e3<(r=parseInt(t.value,10))?r=1e3:~~r<200&&(r=200),s.height=r):\"link\"===t.message&&(r=new URL(s.getAttribute(\"src\")),n=new URL(t.value),c.test(n.protocol))&&n.host===r.host&&l.activeElement===s&&(d.top.location.href=t.value))}},d.addEventListener(\"message\",d.wp.receiveEmbedMessage,!1),l.addEventListener(\"DOMContentLoaded\",function(){for(var e,t,s=l.querySelectorAll(\"iframe.wp-embedded-content\"),r=0;r<s.length;r++)(t=(e=s[r]).getAttribute(\"data-secret\"))||(t=Math.random().toString(36).substring(2,12),e.src+=\"#?secret=\"+t,e.setAttribute(\"data-secret\",t)),e.contentWindow.postMessage({message:\"ready\",secret:t},\"*\")},!1)))}(window,document);\n\/\/# sourceURL=https:\/\/pebc.ca\/wp-includes\/js\/wp-embed.min.js\n\/* ]]> *\/\n<\/script>\n","description":"L'importance du mandat national du BEPC cro\u00eet en m\u00eame temps que s'\u00e9tend le r\u00f4le des pharmaciens et des techniciens en pharmacie, en vue de r\u00e9pondre aux besoins de sant\u00e9 croissants des Canadiens.","thumbnail_url":"https:\/\/pebc.ca\/wp-content\/uploads\/2021\/03\/pebc_screen.png","thumbnail_width":827,"thumbnail_height":450}